{"id":124,"date":"2021-07-29T06:21:09","date_gmt":"2021-07-29T06:21:09","guid":{"rendered":"http:\/\/vanes.ch\/?page_id=124"},"modified":"2022-09-16T08:09:29","modified_gmt":"2022-09-16T08:09:29","slug":"ueber-mich","status":"publish","type":"page","link":"https:\/\/vanes.ch\/?page_id=124","title":{"rendered":"\u00dcber mich"},"content":{"rendered":"\n<div class=\"wp-block-columns is-layout-flex wp-container-core-columns-is-layout-8f761849 wp-block-columns-is-layout-flex\">\n<div class=\"wp-block-column is-layout-flow wp-block-column-is-layout-flow\" style=\"flex-basis:66.66%\">\n<figure class=\"wp-block-image size-large is-style-default\"><img loading=\"lazy\" decoding=\"async\" width=\"768\" height=\"1024\" src=\"http:\/\/vanes.ch\/wp-content\/uploads\/2021\/10\/7-768x1024.jpg\" alt=\"\" class=\"wp-image-300\" srcset=\"https:\/\/vanes.ch\/wp-content\/uploads\/2021\/10\/7-768x1024.jpg 768w, https:\/\/vanes.ch\/wp-content\/uploads\/2021\/10\/7-225x300.jpg 225w, https:\/\/vanes.ch\/wp-content\/uploads\/2021\/10\/7-1152x1536.jpg 1152w, https:\/\/vanes.ch\/wp-content\/uploads\/2021\/10\/7-1536x2048.jpg 1536w, https:\/\/vanes.ch\/wp-content\/uploads\/2021\/10\/7-2000x2667.jpg 2000w, https:\/\/vanes.ch\/wp-content\/uploads\/2021\/10\/7-1800x2400.jpg 1800w, https:\/\/vanes.ch\/wp-content\/uploads\/2021\/10\/7-scaled.jpg 1920w\" sizes=\"auto, (max-width: 768px) 100vw, 768px\" \/><\/figure>\n<\/div>\n\n\n\n<div class=\"wp-block-column is-vertically-aligned-center is-layout-flow wp-block-column-is-layout-flow\" style=\"flex-basis:33.33%\">\n<p class=\"has-text-align-center wp-block-paragraph\">Els van Es <\/p>\n\n\n\n<p class=\"has-text-align-center wp-block-paragraph\">Geboren 18.02.1955 in Den Helder NL.<\/p>\n\n\n\n<p class=\"has-text-align-center wp-block-paragraph\">Ab 1982 in der Schweiz.<\/p>\n\n\n\n<p class=\"has-text-align-center wp-block-paragraph\">Malkurs bei J\u00fcrg Matthys in Rapperswil ab 2016. J\u00fcrg ist ein realistischer\/surrealistischer Maler.<\/p>\n\n\n\n<p class=\"has-text-align-center wp-block-paragraph\">Zwei intensiv Malkurse an der Schlei DE. Mit Ulf Petermann und Lars M\u00fcller die zu den Deutschen Realisten z\u00e4hlen.<\/p>\n\n\n\n<p class=\"wp-block-paragraph\">   Malkurs bei Carla Martinello in     Pf\u00e4ffikon ZH<\/p>\n\n\n\n<p class=\"wp-block-paragraph\">Aktmodellier Kurs Intensiv in Peccia TI bei Thomas Hunziker<\/p>\n\n\n\n<p class=\"has-text-align-center wp-block-paragraph\">Pensionierte Physiotherapeutin.<\/p>\n\n\n\n<p class=\"has-text-align-center wp-block-paragraph\">Mutter (und Adoptivmutter) 3 wunderbarer und erwachsenen Kindern.<\/p>\n<\/div>\n<\/div>\n\n\n\n<div class=\"wp-block-columns is-layout-flex wp-container-core-columns-is-layout-8f761849 wp-block-columns-is-layout-flex\">\n<div class=\"wp-block-column is-layout-flow wp-block-column-is-layout-flow\" style=\"flex-basis:66.66%\">\n<figure class=\"wp-block-image size-large\"><img loading=\"lazy\" decoding=\"async\" width=\"576\" height=\"1024\" src=\"http:\/\/vanes.ch\/wp-content\/uploads\/2021\/07\/20180712_165622-1-576x1024.jpeg\" alt=\"\" class=\"wp-image-217\" srcset=\"https:\/\/vanes.ch\/wp-content\/uploads\/2021\/07\/20180712_165622-1-576x1024.jpeg 576w, https:\/\/vanes.ch\/wp-content\/uploads\/2021\/07\/20180712_165622-1-169x300.jpeg 169w, https:\/\/vanes.ch\/wp-content\/uploads\/2021\/07\/20180712_165622-1-768x1365.jpeg 768w, https:\/\/vanes.ch\/wp-content\/uploads\/2021\/07\/20180712_165622-1-864x1536.jpeg 864w, https:\/\/vanes.ch\/wp-content\/uploads\/2021\/07\/20180712_165622-1-1152x2048.jpeg 1152w, https:\/\/vanes.ch\/wp-content\/uploads\/2021\/07\/20180712_165622-1-2000x3556.jpeg 2000w, https:\/\/vanes.ch\/wp-content\/uploads\/2021\/07\/20180712_165622-1-1800x3200.jpeg 1800w, https:\/\/vanes.ch\/wp-content\/uploads\/2021\/07\/20180712_165622-1-scaled.jpeg 1440w\" sizes=\"auto, (max-width: 576px) 100vw, 576px\" \/><\/figure>\n<\/div>\n\n\n\n<div class=\"wp-block-column is-layout-flow wp-block-column-is-layout-flow\" style=\"flex-basis:33.33%\"><\/div>\n<\/div>\n","protected":false},"excerpt":{"rendered":"<p>Els van Es Geboren 18.02.1955 in Den Helder NL. Ab 1982 in der Schweiz. Malkurs bei J\u00fcrg Matthys in Rapperswil ab 2016. J\u00fcrg ist ein realistischer\/surrealistischer Maler. Zwei intensiv Malkurse an der Schlei DE. Mit Ulf Petermann und Lars M\u00fcller die zu den Deutschen Realisten z\u00e4hlen. Malkurs bei Carla Martinello in Pf\u00e4ffikon ZH Aktmodellier Kurs &hellip; <\/p>\n<p class=\"link-more\"><a href=\"https:\/\/vanes.ch\/?page_id=124\" class=\"more-link\">Mehr <span class=\"screen-reader-text\">\u00fcber &#8222;\u00dcber mich&#8220; <\/span>Lesen<\/a><\/p>\n","protected":false},"author":1,"featured_media":69,"parent":0,"menu_order":0,"comment_status":"closed","ping_status":"closed","template":"","meta":{"ngg_post_thumbnail":0,"footnotes":""},"class_list":["post-124","page","type-page","status-publish","has-post-thumbnail","hentry"],"_links":{"self":[{"href":"https:\/\/vanes.ch\/index.php?rest_route=\/wp\/v2\/pages\/124","targetHints":{"allow":["GET"]}}],"collection":[{"href":"https:\/\/vanes.ch\/index.php?rest_route=\/wp\/v2\/pages"}],"about":[{"href":"https:\/\/vanes.ch\/index.php?rest_route=\/wp\/v2\/types\/page"}],"author":[{"embeddable":true,"href":"https:\/\/vanes.ch\/index.php?rest_route=\/wp\/v2\/users\/1"}],"replies":[{"embeddable":true,"href":"https:\/\/vanes.ch\/index.php?rest_route=%2Fwp%2Fv2%2Fcomments&post=124"}],"version-history":[{"count":8,"href":"https:\/\/vanes.ch\/index.php?rest_route=\/wp\/v2\/pages\/124\/revisions"}],"predecessor-version":[{"id":313,"href":"https:\/\/vanes.ch\/index.php?rest_route=\/wp\/v2\/pages\/124\/revisions\/313"}],"wp:featuredmedia":[{"embeddable":true,"href":"https:\/\/vanes.ch\/index.php?rest_route=\/wp\/v2\/media\/69"}],"wp:attachment":[{"href":"https:\/\/vanes.ch\/index.php?rest_route=%2Fwp%2Fv2%2Fmedia&parent=124"}],"curies":[{"name":"wp","href":"https:\/\/api.w.org\/{rel}","templated":true}]}}